{"id":1553,"date":"2016-07-25T20:50:11","date_gmt":"2016-07-25T20:50:11","guid":{"rendered":"http:\/\/matulji.hr\/pocetna\/?page_id=1553"},"modified":"2023-01-13T19:37:54","modified_gmt":"2023-01-13T18:37:54","slug":"lipa-pamti","status":"publish","type":"page","link":"https:\/\/matulji.hr\/portal\/lipa-pamti\/","title":{"rendered":"MEMORIJALNI CENTAR LIPA PAMTI"},"content":{"rendered":"<p><strong>MEMORIJALNI CENTAR LIPA PAMTI<\/strong><\/p>\n<p align=\"justify\">Memorijalni centar Lipa pamti otvoren je u travnju 2015. godine na mjestu starog Spomen muzeja koji je u Lipi djelovao od 1968. do 1989. godine. Obnavljanjem muzeja obnavlja se i memorija na te\u0161ko povijesno naslje\u0111e Lipe koja je 30. travnja 1944. godine, u svega nekoliko sati, izgubila 269 svojih stanovnika, ve\u0107inom starce, \u017eene i djecu. Zlo\u010din su po\u010dinili nacisti i fa\u0161isti u sklopu ofenzive Braunschweig, akcije \u010di\u0161\u0107enja terena od partizanskih \u201ebandi\u201c. Ubijanje civilnog stanovni\u0161tva popra\u0107eno je kra\u0111om njihove imovine, a potom i pale\u017ei ve\u0107ine stambenih i gospodarskih objekata. Kraj Drugog svjetskog rata Lipa do\u010dekuje na koljenima a pre\u017eivjeli Lipjani nemaju domova kojima se mogu vratiti. Zapo\u010dinje duga i mukotrpna obnova mjesta te nastavak \u017eivota obilje\u017een osje\u0107ajem gubitka. Danas Lipa \u017eivi i pamti.<\/p>\n<p align=\"justify\">Muzejski postav Memorijalnog centra Lipa pamti interpretira povijest Drugog svjetskog rata na podru\u010dju Liburnijskog krasa koje, pored Lipe, obuhva\u0107a mjesta Pasjak, Rupu, \u0160apjane i Brdce. Memorijalna ba\u0161tina Drugog svjetskog rata nadopunjena je pregledom kontinuiteta \u017eivota na ovim prostorima, od prapovijesti do danas, pri \u010demu je poseban naglasak stavljen na kulturno-povijesnu ba\u0161tinu Lipe prije, ali i nakon samog stradanja. U zbiru ba\u0161tinskih karakteristika ovog kraja, stradanje 30. travnja 1944. sagledano je u \u0161irem kontekstu, kao jedna u nizu odrednica identiteta vitalne i potentne zajednice Lipjana.<\/p>\n<p align=\"justify\">Muzejska djelatnost Centra bazira se na muzeolo\u0161kim praksama zavi\u010dajnog muzeja te muzeja zajednice. Upravo u zajedni\u0161tvu s lokalnim stanovni\u0161tvom Centar \u0107e aktivno doprinositi istra\u017eivanju i kreiranju identiteta ovog kraja, ali i iznala\u017eenju novih i odr\u017eivih mogu\u0107nosti njegova razvoja. Programske aktivnosti Centra biti \u0107e usmjerene promicanju tolerancije, nenasilja te \u017eivota koji, u mno\u0161tvu svojih pojavnosti i obilje\u017eja, predstavlja najve\u0107u civilizacijsku dragocjenost i ba\u0161tinski potencijal.<\/p>\n<p align=\"justify\">Memorijalni centar Lipa pamti dislocirana je zbirka Pomorskog i povijesnog muzeja Hrvatskog primorja Rijeka. Otvaranje Centra financirano je sredstvima Op\u0107ine Matulji, Primorsko- goranske \u017eupanije te Ministarstva kulture Republike Hrvatske.<\/p>\n<p align=\"justify\">Preuzeto sa web stranica Pomorskog i povijesnog muzeja Hrvatskog primorja Rijeka<\/p>\n<p><br \/><br \/><\/p>\n<p>Vi\u0161e na <span style=\"color: #0563c1;\"><u><a href=\"https:\/\/ppmhp.hr\/lipa\/\">https:\/\/ppmhp.hr\/lipa\/<\/a><\/u><\/span><\/p>\n\n\n<p><\/p>\n","protected":false},"excerpt":{"rendered":"<p>MEMORIJALNI CENTAR LIPA PAMTI Memorijalni centar Lipa pamti otvoren je u travnju 2015. godine na mjestu starog Spomen muzeja koji je u Lipi djelovao od 1968. do 1989. godine. Obnavljanjem muzeja obnavlja se i memorija na te\u0161ko povijesno naslje\u0111e Lipe koja je 30. travnja 1944. godine, u svega nekoliko sati, izgubila 269 svojih stanovnika, ve\u0107inom starce, \u017eene i djecu. Zlo\u010din su po\u010dinili nacisti i fa\u0161isti u sklopu ofenzive Braunschweig, akcije \u010di\u0161\u0107enja terena od partizanskih \u201ebandi\u201c. Ubijanje civilnog stanovni\u0161tva popra\u0107eno je kra\u0111om njihove imovine, a potom i pale\u017ei ve\u0107ine stambenih i&#8230; <\/p>\n","protected":false},"author":2,"featured_media":0,"parent":0,"menu_order":0,"comment_status":"closed","ping_status":"closed","template":"","meta":{"footnotes":""},"class_list":["post-1553","page","type-page","status-publish","hentry"],"_links":{"self":[{"href":"https:\/\/matulji.hr\/portal\/wp-json\/wp\/v2\/pages\/1553","targetHints":{"allow":["GET"]}}],"collection":[{"href":"https:\/\/matulji.hr\/portal\/wp-json\/wp\/v2\/pages"}],"about":[{"href":"https:\/\/matulji.hr\/portal\/wp-json\/wp\/v2\/types\/page"}],"author":[{"embeddable":true,"href":"https:\/\/matulji.hr\/portal\/wp-json\/wp\/v2\/users\/2"}],"replies":[{"embeddable":true,"href":"https:\/\/matulji.hr\/portal\/wp-json\/wp\/v2\/comments?post=1553"}],"version-history":[{"count":2,"href":"https:\/\/matulji.hr\/portal\/wp-json\/wp\/v2\/pages\/1553\/revisions"}],"predecessor-version":[{"id":9488,"href":"https:\/\/matulji.hr\/portal\/wp-json\/wp\/v2\/pages\/1553\/revisions\/9488"}],"wp:attachment":[{"href":"https:\/\/matulji.hr\/portal\/wp-json\/wp\/v2\/media?parent=1553"}],"curies":[{"name":"wp","href":"https:\/\/api.w.org\/{rel}","templated":true}]}}